{"id":2432,"date":"2024-11-29T12:37:52","date_gmt":"2024-11-29T11:37:52","guid":{"rendered":"https:\/\/alpina-grimentz.com\/hotel-wellness-valais\/"},"modified":"2025-11-26T11:21:03","modified_gmt":"2025-11-26T10:21:03","slug":"hotel-wellness-valais","status":"publish","type":"page","link":"https:\/\/alpina-grimentz.com\/de\/hotel-wellness-valais\/","title":{"rendered":"Wellness-Hotel Wallis"},"content":{"rendered":"\n<div class=\"wp-block-group container--narrower\"><div class=\"wp-block-group__inner-container is-layout-flow wp-block-group-is-layout-flow\">\n\n<div id=\"banner-block_a377b078dedbfea97920b6b908c12d4d\" class=\"c-block-title-page text--center mb-xs-30 mb-xs-50\">\n    <h1 class=\"title__page\"><strong>Hotel Alpina<\/strong><\/h1>\n        <h2 class=\"title__page\">HOTEL VALAIS SPA<\/h2>\n    <\/div>\n<\/div><\/div>\n\n\n\n<div class=\"wp-block-group container--narrower mb-xs-60\"><div class=\"wp-block-group__inner-container is-layout-constrained wp-block-group-is-layout-constrained\">\n<figure class=\"wp-block-image size-full\"><img loading=\"lazy\" decoding=\"async\" width=\"860\" height=\"422\" src=\"https:\/\/alpina-grimentz.com\/wp-content\/uploads\/sites\/9\/2025\/11\/hotel-cinq4000-article-activites-valais-image01-3.jpg.jpg\" alt=\"\" class=\"wp-image-2644\" srcset=\"https:\/\/alpina-grimentz.com\/wp-content\/uploads\/sites\/9\/2025\/11\/hotel-cinq4000-article-activites-valais-image01-3.jpg.jpg 860w, https:\/\/alpina-grimentz.com\/wp-content\/uploads\/sites\/9\/2025\/11\/hotel-cinq4000-article-activites-valais-image01-3.jpg-300x147.jpg 300w, https:\/\/alpina-grimentz.com\/wp-content\/uploads\/sites\/9\/2025\/11\/hotel-cinq4000-article-activites-valais-image01-3.jpg-768x377.jpg 768w\" sizes=\"auto, (max-width: 860px) 100vw, 860px\" \/><\/figure>\n\n\n\n<div style=\"height:35px\" aria-hidden=\"true\" class=\"wp-block-spacer\"><\/div>\n\n\n\n<h2 class=\"wp-block-heading has-text-color has-link-color wp-elements-a643e523124f3a47211213a64506cbb5\" style=\"color:#b17f4a;font-size:20px;font-style:normal;font-weight:700;text-transform:uppercase\">VORSTELLUNG DES SPA-HOTELS IM WALLIS<\/h2>\n\n\n\n<div style=\"height:25px\" aria-hidden=\"true\" class=\"wp-block-spacer\"><\/div>\n\n\n\n<p>Das Hotel Alpina liegt im Herzen des Dorfes Grimentz im Kanton Wallis und ist ein Ort, der ganz dem Wohlbefinden und der Entspannung gewidmet ist. Ob Sie eine erholsame Auszeit, einen Aufenthalt in den Bergen oder ein Spa- und Entspannungserlebnis suchen, unser Hotel empf\u00e4ngt Sie in einer authentischen Umgebung.<\/p>\n\n\n\n<p>Unsere Zimmer bieten einen atemberaubenden Blick auf die Berge und sind so ausgestattet, dass Sie einen angenehmen Aufenthalt genie\u00dfen k\u00f6nnen. Das Hotel Alpina ist ideal f\u00fcr Reisende, die Ruhe suchen, f\u00fcr Familien oder Paare, die die Walliser Alpen genie\u00dfen m\u00f6chten.<\/p>\n\n\n\n<div style=\"height:25px\" aria-hidden=\"true\" class=\"wp-block-spacer\"><\/div>\n\n\n\n<h2 class=\"wp-block-heading has-text-color has-link-color wp-elements-aa6572828d3f1f9228f4c9861e48af28\" style=\"color:#b17f4a;font-size:20px;font-style:normal;font-weight:700;text-transform:uppercase\">LAGE UND ANFAHRT<\/h2>\n\n\n\n<div style=\"height:25px\" aria-hidden=\"true\" class=\"wp-block-spacer\"><\/div>\n\n\n\n<p>Das Hotel Alpina genie\u00dft eine privilegierte Lage im Dorf Grimentz, im Zentrum des Val d&#8217;Anniviers. In der N\u00e4he der Skigebiete Val d&#8217;Anniviers, Crans-Montana und Les 4 Vall\u00e9es ist unser Haus der perfekte Ausgangspunkt, um die Region zu erkunden.<\/p>\n\n\n\n<p>Ob Sie zum Skifahren, Wandern oder einfach nur zum Genie\u00dfen der reinen Bergluft kommen, unser Hotel ist mit dem Auto leicht zu erreichen.<\/p>\n\n\n\n<div style=\"height:35px\" aria-hidden=\"true\" class=\"wp-block-spacer\"><\/div>\n\n\n\n<h2 class=\"wp-block-heading has-text-color has-link-color wp-elements-502f37cab561c094a735096e555e7d42\" style=\"color:#b17f4a;font-size:20px;font-style:normal;font-weight:700;text-transform:uppercase\">EIN SPA-HOTEL IM HERZEN DES WALLIS<\/h2>\n\n\n\n<div style=\"height:25px\" aria-hidden=\"true\" class=\"wp-block-spacer\"><\/div>\n\n\n\n<p>Das Hotel Alpina bietet viel mehr als nur eine Unterkunft: Es ist ein Ort der Entspannung und Erholung. Unser Spa- und Wellnessbereich wurde so konzipiert, dass er ein umfassendes Erlebnis bietet, das Entspannung, individuelle Behandlungen und einen Blick auf die Berge vereint.<\/p>\n\n\n\n<div style=\"height:25px\" aria-hidden=\"true\" class=\"wp-block-spacer\"><\/div>\n\n\n\n<figure class=\"wp-block-image size-full\"><img loading=\"lazy\" decoding=\"async\" width=\"860\" height=\"257\" src=\"https:\/\/alpina-grimentz.com\/wp-content\/uploads\/sites\/9\/2025\/11\/hotel-cinq4000-article-hotel-spa-valais-image02-2.jpg.jpg\" alt=\"\" class=\"wp-image-2673\" srcset=\"https:\/\/alpina-grimentz.com\/wp-content\/uploads\/sites\/9\/2025\/11\/hotel-cinq4000-article-hotel-spa-valais-image02-2.jpg.jpg 860w, https:\/\/alpina-grimentz.com\/wp-content\/uploads\/sites\/9\/2025\/11\/hotel-cinq4000-article-hotel-spa-valais-image02-2.jpg-300x90.jpg 300w, https:\/\/alpina-grimentz.com\/wp-content\/uploads\/sites\/9\/2025\/11\/hotel-cinq4000-article-hotel-spa-valais-image02-2.jpg-768x230.jpg 768w\" sizes=\"auto, (max-width: 860px) 100vw, 860px\" \/><\/figure>\n<\/div><\/div>\n\n\n\n<div class=\"wp-block-group container--narrower mb-xs-60\"><div class=\"wp-block-group__inner-container is-layout-constrained wp-block-group-is-layout-constrained\">\n<h2 class=\"wp-block-heading has-text-color has-link-color wp-elements-a3fa6cedb1c254dbfe6e5d79a275c8cf\" style=\"color:#b17f4a;font-size:20px;font-style:normal;font-weight:700;text-transform:none\">Sauna und Hammam<\/h2>\n\n\n\n<div style=\"height:15px\" aria-hidden=\"true\" class=\"wp-block-spacer\"><\/div>\n\n\n\n<p>Nach einem Tag auf der Piste oder beim Wandern k\u00f6nnen Sie sich in unserer Sauna und unserem Hammam vollkommen entspannen. Die W\u00e4rme der Sauna und der Dampf des Hammams befreien den K\u00f6rper von Giftstoffen und entspannen die Muskeln \u2013 f\u00fcr ein rundum wohltuendes Erlebnis.<\/p>\n\n\n\n<div style=\"height:35px\" aria-hidden=\"true\" class=\"wp-block-spacer\"><\/div>\n\n\n\n<figure class=\"wp-block-image size-full\"><img loading=\"lazy\" decoding=\"async\" width=\"860\" height=\"258\" src=\"https:\/\/alpina-grimentz.com\/wp-content\/uploads\/sites\/9\/2025\/11\/Container.jpg\" alt=\"\" class=\"wp-image-2647\" srcset=\"https:\/\/alpina-grimentz.com\/wp-content\/uploads\/sites\/9\/2025\/11\/Container.jpg 860w, https:\/\/alpina-grimentz.com\/wp-content\/uploads\/sites\/9\/2025\/11\/Container-300x90.jpg 300w, https:\/\/alpina-grimentz.com\/wp-content\/uploads\/sites\/9\/2025\/11\/Container-768x230.jpg 768w\" sizes=\"auto, (max-width: 860px) 100vw, 860px\" \/><\/figure>\n<\/div><\/div>\n\n\n\n<div class=\"wp-block-group container--narrower mb-xs-60\"><div class=\"wp-block-group__inner-container is-layout-constrained wp-block-group-is-layout-constrained\">\n<h2 class=\"wp-block-heading has-text-color has-link-color wp-elements-c4b0aa77ea6e8988bafff1c1acb74b9a\" style=\"color:#b17f4a;font-size:20px;font-style:normal;font-weight:700;text-transform:none\">Whirlpool<\/h2>\n\n\n\n<div style=\"height:15px\" aria-hidden=\"true\" class=\"wp-block-spacer\"><\/div>\n\n\n\n<p>Unser Whirlpool mit Massaged\u00fcsen und Blick auf die umliegenden Berggipfel ist der ideale Ort, um sich nach einem aktiven Tag zu entspannen. Genie\u00dfen Sie diesen Moment der Entspannung und bewundern Sie die Landschaft.<\/p>\n<\/div><\/div>\n\n\n\n<div class=\"wp-block-group container--narrower mb-xs-60\"><div class=\"wp-block-group__inner-container is-layout-constrained wp-block-group-is-layout-constrained\">\n<h2 class=\"wp-block-heading has-text-color has-link-color wp-elements-cf81064c421eea3a2b9f0b87a716e8f2\" style=\"color:#b17f4a;font-size:20px;font-style:normal;font-weight:700;text-transform:none\">Entspannungsbereich<\/h2>\n\n\n\n<div style=\"height:15px\" aria-hidden=\"true\" class=\"wp-block-spacer\"><\/div>\n\n\n\n<p>Unser Entspannungsbereich l\u00e4dt Sie ein, sich nach einer Behandlung oder einem Saunagang auszuruhen. Genie\u00dfen Sie einen Tee und den Panoramablick oder g\u00f6nnen Sie sich eine individuelle Massage, um Ihr Wellness-Erlebnis abzurunden.<\/p>\n\n\n\n<div style=\"height:35px\" aria-hidden=\"true\" class=\"wp-block-spacer\"><\/div>\n\n\n\n<figure class=\"wp-block-image size-full\"><img loading=\"lazy\" decoding=\"async\" width=\"862\" height=\"257\" src=\"https:\/\/alpina-grimentz.com\/wp-content\/uploads\/sites\/9\/2025\/11\/image-1.jpg\" alt=\"\" class=\"wp-image-2650\" srcset=\"https:\/\/alpina-grimentz.com\/wp-content\/uploads\/sites\/9\/2025\/11\/image-1.jpg 862w, https:\/\/alpina-grimentz.com\/wp-content\/uploads\/sites\/9\/2025\/11\/image-1-300x89.jpg 300w, https:\/\/alpina-grimentz.com\/wp-content\/uploads\/sites\/9\/2025\/11\/image-1-768x229.jpg 768w\" sizes=\"auto, (max-width: 862px) 100vw, 862px\" \/><\/figure>\n<\/div><\/div>\n\n\n\n<div class=\"wp-block-group container--narrower mb-xs-60\"><div class=\"wp-block-group__inner-container is-layout-constrained wp-block-group-is-layout-constrained\">\n<div style=\"height:20px\" aria-hidden=\"true\" class=\"wp-block-spacer\"><\/div>\n\n\n\n<h2 class=\"wp-block-heading has-text-color has-link-color wp-elements-cf334513ed029834494aa8b5d9ef97f5\" style=\"color:#b17f4a;font-size:20px;font-style:normal;font-weight:700;text-transform:uppercase\">WELLNESS IM FREIEN: DIE NATUR ALS QUELLE DES WOHLBEFINDENS<\/h2>\n\n\n\n<div style=\"height:15px\" aria-hidden=\"true\" class=\"wp-block-spacer\"><\/div>\n\n\n\n<p>Das Hotel Alpina nutzt seine au\u00dfergew\u00f6hnliche Lage im Herzen des Wallis, um Ihnen Aktivit\u00e4ten inmitten der Natur anzubieten.<\/p>\n\n\n\n<div style=\"height:35px\" aria-hidden=\"true\" class=\"wp-block-spacer\"><\/div>\n\n\n\n<figure class=\"wp-block-image size-full\"><img loading=\"lazy\" decoding=\"async\" width=\"862\" height=\"257\" src=\"https:\/\/alpina-grimentz.com\/wp-content\/uploads\/sites\/9\/2025\/11\/image-2.jpg\" alt=\"\" class=\"wp-image-2653\" srcset=\"https:\/\/alpina-grimentz.com\/wp-content\/uploads\/sites\/9\/2025\/11\/image-2.jpg 862w, https:\/\/alpina-grimentz.com\/wp-content\/uploads\/sites\/9\/2025\/11\/image-2-300x89.jpg 300w, https:\/\/alpina-grimentz.com\/wp-content\/uploads\/sites\/9\/2025\/11\/image-2-768x229.jpg 768w\" sizes=\"auto, (max-width: 862px) 100vw, 862px\" \/><\/figure>\n<\/div><\/div>\n\n\n\n<div class=\"wp-block-group container--narrower mb-xs-60\"><div class=\"wp-block-group__inner-container is-layout-constrained wp-block-group-is-layout-constrained\">\n<h2 class=\"wp-block-heading has-text-color has-link-color wp-elements-b6693dcff17a72e507848add0345eb07\" style=\"color:#b17f4a;font-size:20px;font-style:normal;font-weight:700;text-transform:none\">Wandern und Trekking<\/h2>\n\n\n\n<div style=\"height:15px\" aria-hidden=\"true\" class=\"wp-block-spacer\"><\/div>\n\n\n\n<p>Grimentz ist ein idealer Ausgangspunkt, um die Wanderwege des Wallis zu erkunden. Ob Sie Anf\u00e4nger oder erfahrener Wanderer sind, die Alpenlandschaften bieten Ihnen ein belebendes Erlebnis.<\/p>\n\n\n\n<div style=\"height:35px\" aria-hidden=\"true\" class=\"wp-block-spacer\"><\/div>\n\n\n\n<figure class=\"wp-block-image size-full\"><img loading=\"lazy\" decoding=\"async\" width=\"862\" height=\"257\" src=\"https:\/\/alpina-grimentz.com\/wp-content\/uploads\/sites\/9\/2025\/11\/image-3.jpg\" alt=\"\" class=\"wp-image-2656\" srcset=\"https:\/\/alpina-grimentz.com\/wp-content\/uploads\/sites\/9\/2025\/11\/image-3.jpg 862w, https:\/\/alpina-grimentz.com\/wp-content\/uploads\/sites\/9\/2025\/11\/image-3-300x89.jpg 300w, https:\/\/alpina-grimentz.com\/wp-content\/uploads\/sites\/9\/2025\/11\/image-3-768x229.jpg 768w\" sizes=\"auto, (max-width: 862px) 100vw, 862px\" \/><\/figure>\n<\/div><\/div>\n\n\n\n<div class=\"wp-block-group container--narrower mb-xs-60\"><div class=\"wp-block-group__inner-container is-layout-constrained wp-block-group-is-layout-constrained\">\n<h2 class=\"wp-block-heading has-text-color has-link-color wp-elements-d664c940bed6fe8e73a2d7867ecb170c\" style=\"color:#b17f4a;font-size:20px;font-style:normal;font-weight:700;text-transform:none\">Ski und Winteraktivit\u00e4ten<\/h2>\n\n\n\n<div style=\"height:15px\" aria-hidden=\"true\" class=\"wp-block-spacer\"><\/div>\n\n\n\n<p>Im Winter liegt unser Hotel in der N\u00e4he des Skigebiets Grimentz-Zinal, ideal f\u00fcr Skifahrer. Nach einem Tag auf der Piste l\u00e4dt unser Spa zu einer entspannenden Auszeit ein.<\/p>\n\n\n\n<div style=\"height:35px\" aria-hidden=\"true\" class=\"wp-block-spacer\"><\/div>\n\n\n\n<figure class=\"wp-block-image size-full\"><img loading=\"lazy\" decoding=\"async\" width=\"862\" height=\"257\" src=\"https:\/\/alpina-grimentz.com\/wp-content\/uploads\/sites\/9\/2025\/11\/image-5.jpg\" alt=\"\" class=\"wp-image-2659\" srcset=\"https:\/\/alpina-grimentz.com\/wp-content\/uploads\/sites\/9\/2025\/11\/image-5.jpg 862w, https:\/\/alpina-grimentz.com\/wp-content\/uploads\/sites\/9\/2025\/11\/image-5-300x89.jpg 300w, https:\/\/alpina-grimentz.com\/wp-content\/uploads\/sites\/9\/2025\/11\/image-5-768x229.jpg 768w\" sizes=\"auto, (max-width: 862px) 100vw, 862px\" \/><\/figure>\n<\/div><\/div>\n\n\n\n<div class=\"wp-block-group container--narrower mb-xs-60\"><div class=\"wp-block-group__inner-container is-layout-constrained wp-block-group-is-layout-constrained\">\n<h2 class=\"wp-block-heading has-text-color has-link-color wp-elements-28a76575515682984963c55622819e8d\" style=\"color:#b17f4a;font-size:20px;font-style:normal;font-weight:700;text-transform:none\">Fahrrad und Mountainbike<\/h2>\n\n\n\n<div style=\"height:15px\" aria-hidden=\"true\" class=\"wp-block-spacer\"><\/div>\n\n\n\n<p>Im Sommer verwandeln sich die Walliser Berge in einen Spielplatz f\u00fcr Rad- und Mountainbike-Fans. Genie\u00dfen Sie die abwechslungsreichen Strecken und die frische Luft bei einer wohltuenden k\u00f6rperlichen Aktivit\u00e4t.<\/p>\n\n\n\n<div style=\"height:35px\" aria-hidden=\"true\" class=\"wp-block-spacer\"><\/div>\n\n\n\n<figure class=\"wp-block-image size-full\"><img loading=\"lazy\" decoding=\"async\" width=\"862\" height=\"257\" src=\"https:\/\/alpina-grimentz.com\/wp-content\/uploads\/sites\/9\/2025\/11\/image-6.jpg\" alt=\"\" class=\"wp-image-2662\" srcset=\"https:\/\/alpina-grimentz.com\/wp-content\/uploads\/sites\/9\/2025\/11\/image-6.jpg 862w, https:\/\/alpina-grimentz.com\/wp-content\/uploads\/sites\/9\/2025\/11\/image-6-300x89.jpg 300w, https:\/\/alpina-grimentz.com\/wp-content\/uploads\/sites\/9\/2025\/11\/image-6-768x229.jpg 768w\" sizes=\"auto, (max-width: 862px) 100vw, 862px\" \/><\/figure>\n<\/div><\/div>\n\n\n\n<div class=\"wp-block-group container--narrower mb-xs-60\"><div class=\"wp-block-group__inner-container is-layout-constrained wp-block-group-is-layout-constrained\">\n<h2 class=\"wp-block-heading has-text-color has-link-color wp-elements-71486206f70cb3b158c87b7027f57e75\" style=\"color:#b17f4a;font-size:20px;font-style:normal;font-weight:700;text-transform:none\">Yoga im Freien<\/h2>\n\n\n\n<div style=\"height:15px\" aria-hidden=\"true\" class=\"wp-block-spacer\"><\/div>\n\n\n\n<p>F\u00fcr einen eher zen-orientierten Ansatz eignet sich die nat\u00fcrliche Umgebung des Hotels Alpina ideal f\u00fcr Yoga im Freien mit atemberaubendem Blick auf die Berggipfel. Ein Moment, um sich zu zentrieren, die reine Luft zu atmen und Spannungen abzubauen.<\/p>\n<\/div><\/div>\n\n\n\n<div class=\"wp-block-group container--narrower mb-xs-60\"><div class=\"wp-block-group__inner-container is-layout-constrained wp-block-group-is-layout-constrained\">\n<figure class=\"wp-block-image size-full\"><img loading=\"lazy\" decoding=\"async\" width=\"862\" height=\"257\" src=\"https:\/\/alpina-grimentz.com\/wp-content\/uploads\/sites\/9\/2025\/11\/image-7.jpg\" alt=\"\" class=\"wp-image-2665\" srcset=\"https:\/\/alpina-grimentz.com\/wp-content\/uploads\/sites\/9\/2025\/11\/image-7.jpg 862w, https:\/\/alpina-grimentz.com\/wp-content\/uploads\/sites\/9\/2025\/11\/image-7-300x89.jpg 300w, https:\/\/alpina-grimentz.com\/wp-content\/uploads\/sites\/9\/2025\/11\/image-7-768x229.jpg 768w\" sizes=\"auto, (max-width: 862px) 100vw, 862px\" \/><\/figure>\n\n\n\n<div style=\"height:50px\" aria-hidden=\"true\" class=\"wp-block-spacer\"><\/div>\n\n\n\n<h2 class=\"wp-block-heading has-text-color has-link-color wp-elements-67dafc4f489b83862faebe6126b53869\" style=\"color:#b17f4a;font-size:20px;font-style:normal;font-weight:700;text-transform:uppercase\">WELLNESS DAS GANZE JAHR \u00dcBER: ANJEGEPA\u00dfte ANGEBOTE F\u00dcR JEDE JAHRESZEIT<\/h2>\n\n\n\n<div style=\"height:15px\" aria-hidden=\"true\" class=\"wp-block-spacer\"><\/div>\n\n\n\n<p>Im Hotel Alpina ist Wohlbefinden zu jeder Jahreszeit m\u00f6glich. Unser Haus bietet individuell auf Ihre Bed\u00fcrfnisse abgestimmte Behandlungen, sowohl im Sommer als auch im Winter.<\/p>\n\n\n\n<p>Im Winter helfen unsere Apr\u00e8s-Ski-Massagen dabei, die Muskeln zu entspannen und die Erholung zu f\u00f6rdern. Im Sommer revitalisieren unsere erfrischenden K\u00f6rperbehandlungen die Haut nach einem sonnigen Tag. Wir bieten auch Gesichtsbehandlungen an, die auf die klimatischen Bedingungen in den Bergen abgestimmt sind, um die Haut mit Feuchtigkeit zu versorgen und zu regenerieren.<\/p>\n\n\n\n<p>Jede Behandlung ist darauf ausgerichtet, Ihnen einen Moment der Entspannung zu bieten und Ihnen zu helfen, wieder zu sich selbst zu finden.<\/p>\n\n\n\n<div style=\"height:35px\" aria-hidden=\"true\" class=\"wp-block-spacer\"><\/div>\n\n\n\n<figure class=\"wp-block-image size-full\"><img loading=\"lazy\" decoding=\"async\" width=\"862\" height=\"257\" src=\"https:\/\/alpina-grimentz.com\/wp-content\/uploads\/sites\/9\/2025\/11\/image-8.jpg\" alt=\"\" class=\"wp-image-2668\" srcset=\"https:\/\/alpina-grimentz.com\/wp-content\/uploads\/sites\/9\/2025\/11\/image-8.jpg 862w, https:\/\/alpina-grimentz.com\/wp-content\/uploads\/sites\/9\/2025\/11\/image-8-300x89.jpg 300w, https:\/\/alpina-grimentz.com\/wp-content\/uploads\/sites\/9\/2025\/11\/image-8-768x229.jpg 768w\" sizes=\"auto, (max-width: 862px) 100vw, 862px\" \/><\/figure>\n<\/div><\/div>\n\n\n\n<div class=\"wp-block-group container--narrower mb-xs-60\"><div class=\"wp-block-group__inner-container is-layout-constrained wp-block-group-is-layout-constrained\">\n<h2 class=\"wp-block-heading has-text-color has-link-color wp-elements-c9d42b062938158e101c42ab6b95782d\" style=\"color:#b17f4a;font-size:20px;font-style:normal;font-weight:700;text-transform:uppercase\">GASTRONOMIE UND GASTRONOMIE<\/h2>\n\n\n\n<div style=\"height:15px\" aria-hidden=\"true\" class=\"wp-block-spacer\"><\/div>\n\n\n\n<p>GASTRONOMIE UND RESTAURANT Unser Restaurant legt Wert auf lokale und saisonale Produkte. Entdecken Sie eine raffinierte K\u00fcche mit frischen Produkten und einer Auswahl an Weinen, die Ihre Mahlzeiten begleiten. Wir bieten auch vegetarische Optionen und kindgerechte Gerichte an. DAUER<\/p>\n\n\n\n<p>Genie\u00dfen Sie einen Moment der Geselligkeit in einer herzlichen Atmosph\u00e4re und lassen Sie sich von den lokalen Spezialit\u00e4ten verf\u00fchren.<\/p>\n<\/div><\/div>\n\n\n\n<div class=\"wp-block-group container--narrower mb-xs-60\"><div class=\"wp-block-group__inner-container is-layout-constrained wp-block-group-is-layout-constrained\">\n<h2 class=\"wp-block-heading has-text-color has-link-color wp-elements-dd6df99082661f7a6551ae49fd49ec71\" style=\"color:#b17f4a;font-size:20px;font-style:normal;font-weight:700;text-transform:uppercase\">RESERVIERUNG UND PREISE<\/h2>\n\n\n\n<div style=\"height:15px\" aria-hidden=\"true\" class=\"wp-block-spacer\"><\/div>\n\n\n\n<p>Um Ihren Aufenthalt im Hotel Alpina zu buchen, informieren Sie sich auf unserer Website \u00fcber unsere Angebote und Preise. Ob Sie einen romantischen Kurzurlaub, einen Familienausflug oder eine Wellness-Auszeit suchen, unser Haus wird Ihren Erwartungen gerecht.<\/p>\n\n\n\n<p>Warum sollten Sie sich f\u00fcr das Hotel Alpina entscheiden?<\/p>\n\n\n\n<ul class=\"wp-block-list\">\n<li>Ein Spa und ein umfassender Wellnessbereich im Herzen der Walliser Alpen.<\/li>\n\n\n\n<li>Komfortable Zimmer mit Blick auf die Berge.<\/li>\n\n\n\n<li>Eine lokale und raffinierte Gastronomie.<\/li>\n\n\n\n<li>Das ganze Jahr \u00fcber Aktivit\u00e4ten inmitten der Natur.<\/li>\n<\/ul>\n\n\n\n<p>Sind Sie bereit f\u00fcr ein einzigartiges Erlebnis im Wallis? Buchen Sie jetzt Ihren Aufenthalt im Hotel Alpina und profitieren Sie von unseren Sonderangeboten.<\/p>\n\n\n\n<div style=\"height:25px\" aria-hidden=\"true\" class=\"wp-block-spacer\"><\/div>\n<\/div><\/div>\n","protected":false},"excerpt":{"rendered":"<p>VORSTELLUNG DES SPA-HOTELS IM WALLIS Das Hotel Alpina liegt im Herzen des Dorfes Grimentz im Kanton Wallis und ist ein Ort, der ganz dem Wohlbefinden und der Entspannung gewidmet ist. Ob Sie eine erholsame Auszeit, einen Aufenthalt in den Bergen oder ein Spa- und Entspannungserlebnis suchen, unser Hotel empf\u00e4ngt Sie in einer authentischen Umgebung. Unsere [&hellip;]<\/p>\n","protected":false},"author":1,"featured_media":0,"parent":0,"menu_order":0,"comment_status":"closed","ping_status":"closed","template":"","meta":{"_acf_changed":false,"footnotes":""},"class_list":["post-2432","page","type-page","status-publish","hentry"],"acf":[],"yoast_head":"<!-- This site is optimized with the Yoast SEO plugin v26.1.1 - https:\/\/yoast.com\/wordpress\/plugins\/seo\/ -->\n<title>Wellness-Hotel Wallis | Hotel Alpina<\/title>\n<meta name=\"description\" content=\"Kombinieren Sie Wellness und Natur im Hotel Alpina: Genie\u00dfen Sie ein entspannendes Spa und Aktivit\u00e4ten im Freien in der bezaubernden Umgebung des Wallis.\" \/>\n<meta name=\"robots\" content=\"index, follow, max-snippet:-1, max-image-preview:large, max-video-preview:-1\" \/>\n<link rel=\"canonical\" href=\"https:\/\/alpina-grimentz.com\/de\/hotel-wellness-valais\/\" \/>\n<meta property=\"og:locale\" content=\"de_DE\" \/>\n<meta property=\"og:type\" content=\"article\" \/>\n<meta property=\"og:title\" content=\"Wellness-Hotel Wallis | Hotel Alpina\" \/>\n<meta property=\"og:description\" content=\"Kombinieren Sie Wellness und Natur im Hotel Alpina: Genie\u00dfen Sie ein entspannendes Spa und Aktivit\u00e4ten im Freien in der bezaubernden Umgebung des Wallis.\" \/>\n<meta property=\"og:url\" content=\"https:\/\/alpina-grimentz.com\/de\/hotel-wellness-valais\/\" \/>\n<meta property=\"og:site_name\" content=\"Hotel Alpina Grimentz\" \/>\n<meta property=\"article:modified_time\" content=\"2025-11-26T10:21:03+00:00\" \/>\n<meta property=\"og:image\" content=\"https:\/\/alpina-grimentz.com\/wp-content\/uploads\/sites\/9\/2025\/11\/hotel-cinq4000-article-activites-valais-image01-3.jpg.jpg\" \/>\n\t<meta property=\"og:image:width\" content=\"860\" \/>\n\t<meta property=\"og:image:height\" content=\"422\" \/>\n\t<meta property=\"og:image:type\" content=\"image\/jpeg\" \/>\n<meta name=\"twitter:card\" content=\"summary_large_image\" \/>\n<meta name=\"twitter:label1\" content=\"Gesch\u00e4tzte Lesezeit\" \/>\n\t<meta name=\"twitter:data1\" content=\"6\u00a0Minuten\" \/>\n<script type=\"application\/ld+json\" class=\"yoast-schema-graph\">{\"@context\":\"https:\/\/schema.org\",\"@graph\":[{\"@type\":\"WebPage\",\"@id\":\"https:\/\/alpina-grimentz.com\/de\/hotel-wellness-valais\/\",\"url\":\"https:\/\/alpina-grimentz.com\/de\/hotel-wellness-valais\/\",\"name\":\"Wellness-Hotel Wallis | Hotel Alpina\",\"isPartOf\":{\"@id\":\"https:\/\/alpina-grimentz.com\/#website\"},\"primaryImageOfPage\":{\"@id\":\"https:\/\/alpina-grimentz.com\/de\/hotel-wellness-valais\/#primaryimage\"},\"image\":{\"@id\":\"https:\/\/alpina-grimentz.com\/de\/hotel-wellness-valais\/#primaryimage\"},\"thumbnailUrl\":\"https:\/\/alpina-grimentz.com\/wp-content\/uploads\/sites\/9\/2025\/11\/hotel-cinq4000-article-activites-valais-image01-3.jpg.jpg\",\"datePublished\":\"2024-11-29T11:37:52+00:00\",\"dateModified\":\"2025-11-26T10:21:03+00:00\",\"description\":\"Kombinieren Sie Wellness und Natur im Hotel Alpina: Genie\u00dfen Sie ein entspannendes Spa und Aktivit\u00e4ten im Freien in der bezaubernden Umgebung des Wallis.\",\"breadcrumb\":{\"@id\":\"https:\/\/alpina-grimentz.com\/de\/hotel-wellness-valais\/#breadcrumb\"},\"inLanguage\":\"de\",\"potentialAction\":[{\"@type\":\"ReadAction\",\"target\":[\"https:\/\/alpina-grimentz.com\/de\/hotel-wellness-valais\/\"]}]},{\"@type\":\"ImageObject\",\"inLanguage\":\"de\",\"@id\":\"https:\/\/alpina-grimentz.com\/de\/hotel-wellness-valais\/#primaryimage\",\"url\":\"https:\/\/alpina-grimentz.com\/wp-content\/uploads\/sites\/9\/2025\/11\/hotel-cinq4000-article-activites-valais-image01-3.jpg.jpg\",\"contentUrl\":\"https:\/\/alpina-grimentz.com\/wp-content\/uploads\/sites\/9\/2025\/11\/hotel-cinq4000-article-activites-valais-image01-3.jpg.jpg\"},{\"@type\":\"BreadcrumbList\",\"@id\":\"https:\/\/alpina-grimentz.com\/de\/hotel-wellness-valais\/#breadcrumb\",\"itemListElement\":[{\"@type\":\"ListItem\",\"position\":1,\"name\":\"Accueil\",\"item\":\"https:\/\/alpina-grimentz.com\/de\/\"},{\"@type\":\"ListItem\",\"position\":2,\"name\":\"Wellness-Hotel Wallis\"}]},{\"@type\":\"WebSite\",\"@id\":\"https:\/\/alpina-grimentz.com\/#website\",\"url\":\"https:\/\/alpina-grimentz.com\/\",\"name\":\"Hotel Alpina Grimentz\",\"description\":\"Swiss Bike &amp; Ski Lodge\",\"publisher\":{\"@id\":\"https:\/\/alpina-grimentz.com\/#organization\"},\"potentialAction\":[{\"@type\":\"SearchAction\",\"target\":{\"@type\":\"EntryPoint\",\"urlTemplate\":\"https:\/\/alpina-grimentz.com\/?s={search_term_string}\"},\"query-input\":{\"@type\":\"PropertyValueSpecification\",\"valueRequired\":true,\"valueName\":\"search_term_string\"}}],\"inLanguage\":\"de\"},{\"@type\":\"Organization\",\"@id\":\"https:\/\/alpina-grimentz.com\/#organization\",\"name\":\"Hotel Le Besso\",\"url\":\"https:\/\/alpina-grimentz.com\/\",\"logo\":{\"@type\":\"ImageObject\",\"inLanguage\":\"de\",\"@id\":\"https:\/\/alpina-grimentz.com\/#\/schema\/logo\/image\/\",\"url\":\"https:\/\/pointe.europezinal.ch\/wp-content\/uploads\/sites\/9\/2022\/01\/hotel-le-besso-zinal-logo.svg\",\"contentUrl\":\"https:\/\/pointe.europezinal.ch\/wp-content\/uploads\/sites\/9\/2022\/01\/hotel-le-besso-zinal-logo.svg\",\"width\":200,\"height\":100,\"caption\":\"Hotel Le Besso\"},\"image\":{\"@id\":\"https:\/\/alpina-grimentz.com\/#\/schema\/logo\/image\/\"}}]}<\/script>\n<!-- \/ Yoast SEO plugin. -->","yoast_head_json":{"title":"Wellness-Hotel Wallis | Hotel Alpina","description":"Kombinieren Sie Wellness und Natur im Hotel Alpina: Genie\u00dfen Sie ein entspannendes Spa und Aktivit\u00e4ten im Freien in der bezaubernden Umgebung des Wallis.","robots":{"index":"index","follow":"follow","max-snippet":"max-snippet:-1","max-image-preview":"max-image-preview:large","max-video-preview":"max-video-preview:-1"},"canonical":"https:\/\/alpina-grimentz.com\/de\/hotel-wellness-valais\/","og_locale":"de_DE","og_type":"article","og_title":"Wellness-Hotel Wallis | Hotel Alpina","og_description":"Kombinieren Sie Wellness und Natur im Hotel Alpina: Genie\u00dfen Sie ein entspannendes Spa und Aktivit\u00e4ten im Freien in der bezaubernden Umgebung des Wallis.","og_url":"https:\/\/alpina-grimentz.com\/de\/hotel-wellness-valais\/","og_site_name":"Hotel Alpina Grimentz","article_modified_time":"2025-11-26T10:21:03+00:00","og_image":[{"width":860,"height":422,"url":"https:\/\/alpina-grimentz.com\/wp-content\/uploads\/sites\/9\/2025\/11\/hotel-cinq4000-article-activites-valais-image01-3.jpg.jpg","type":"image\/jpeg"}],"twitter_card":"summary_large_image","twitter_misc":{"Gesch\u00e4tzte Lesezeit":"6\u00a0Minuten"},"schema":{"@context":"https:\/\/schema.org","@graph":[{"@type":"WebPage","@id":"https:\/\/alpina-grimentz.com\/de\/hotel-wellness-valais\/","url":"https:\/\/alpina-grimentz.com\/de\/hotel-wellness-valais\/","name":"Wellness-Hotel Wallis | Hotel Alpina","isPartOf":{"@id":"https:\/\/alpina-grimentz.com\/#website"},"primaryImageOfPage":{"@id":"https:\/\/alpina-grimentz.com\/de\/hotel-wellness-valais\/#primaryimage"},"image":{"@id":"https:\/\/alpina-grimentz.com\/de\/hotel-wellness-valais\/#primaryimage"},"thumbnailUrl":"https:\/\/alpina-grimentz.com\/wp-content\/uploads\/sites\/9\/2025\/11\/hotel-cinq4000-article-activites-valais-image01-3.jpg.jpg","datePublished":"2024-11-29T11:37:52+00:00","dateModified":"2025-11-26T10:21:03+00:00","description":"Kombinieren Sie Wellness und Natur im Hotel Alpina: Genie\u00dfen Sie ein entspannendes Spa und Aktivit\u00e4ten im Freien in der bezaubernden Umgebung des Wallis.","breadcrumb":{"@id":"https:\/\/alpina-grimentz.com\/de\/hotel-wellness-valais\/#breadcrumb"},"inLanguage":"de","potentialAction":[{"@type":"ReadAction","target":["https:\/\/alpina-grimentz.com\/de\/hotel-wellness-valais\/"]}]},{"@type":"ImageObject","inLanguage":"de","@id":"https:\/\/alpina-grimentz.com\/de\/hotel-wellness-valais\/#primaryimage","url":"https:\/\/alpina-grimentz.com\/wp-content\/uploads\/sites\/9\/2025\/11\/hotel-cinq4000-article-activites-valais-image01-3.jpg.jpg","contentUrl":"https:\/\/alpina-grimentz.com\/wp-content\/uploads\/sites\/9\/2025\/11\/hotel-cinq4000-article-activites-valais-image01-3.jpg.jpg"},{"@type":"BreadcrumbList","@id":"https:\/\/alpina-grimentz.com\/de\/hotel-wellness-valais\/#breadcrumb","itemListElement":[{"@type":"ListItem","position":1,"name":"Accueil","item":"https:\/\/alpina-grimentz.com\/de\/"},{"@type":"ListItem","position":2,"name":"Wellness-Hotel Wallis"}]},{"@type":"WebSite","@id":"https:\/\/alpina-grimentz.com\/#website","url":"https:\/\/alpina-grimentz.com\/","name":"Hotel Alpina Grimentz","description":"Swiss Bike &amp; Ski Lodge","publisher":{"@id":"https:\/\/alpina-grimentz.com\/#organization"},"potentialAction":[{"@type":"SearchAction","target":{"@type":"EntryPoint","urlTemplate":"https:\/\/alpina-grimentz.com\/?s={search_term_string}"},"query-input":{"@type":"PropertyValueSpecification","valueRequired":true,"valueName":"search_term_string"}}],"inLanguage":"de"},{"@type":"Organization","@id":"https:\/\/alpina-grimentz.com\/#organization","name":"Hotel Le Besso","url":"https:\/\/alpina-grimentz.com\/","logo":{"@type":"ImageObject","inLanguage":"de","@id":"https:\/\/alpina-grimentz.com\/#\/schema\/logo\/image\/","url":"https:\/\/pointe.europezinal.ch\/wp-content\/uploads\/sites\/9\/2022\/01\/hotel-le-besso-zinal-logo.svg","contentUrl":"https:\/\/pointe.europezinal.ch\/wp-content\/uploads\/sites\/9\/2022\/01\/hotel-le-besso-zinal-logo.svg","width":200,"height":100,"caption":"Hotel Le Besso"},"image":{"@id":"https:\/\/alpina-grimentz.com\/#\/schema\/logo\/image\/"}}]}},"_links":{"self":[{"href":"https:\/\/alpina-grimentz.com\/de\/wp-json\/wp\/v2\/pages\/2432","targetHints":{"allow":["GET"]}}],"collection":[{"href":"https:\/\/alpina-grimentz.com\/de\/wp-json\/wp\/v2\/pages"}],"about":[{"href":"https:\/\/alpina-grimentz.com\/de\/wp-json\/wp\/v2\/types\/page"}],"author":[{"embeddable":true,"href":"https:\/\/alpina-grimentz.com\/de\/wp-json\/wp\/v2\/users\/1"}],"replies":[{"embeddable":true,"href":"https:\/\/alpina-grimentz.com\/de\/wp-json\/wp\/v2\/comments?post=2432"}],"version-history":[{"count":4,"href":"https:\/\/alpina-grimentz.com\/de\/wp-json\/wp\/v2\/pages\/2432\/revisions"}],"predecessor-version":[{"id":2684,"href":"https:\/\/alpina-grimentz.com\/de\/wp-json\/wp\/v2\/pages\/2432\/revisions\/2684"}],"wp:attachment":[{"href":"https:\/\/alpina-grimentz.com\/de\/wp-json\/wp\/v2\/media?parent=2432"}],"curies":[{"name":"wp","href":"https:\/\/api.w.org\/{rel}","templated":true}]}}